{"id":617,"date":"2013-11-07T06:28:35","date_gmt":"2013-11-07T06:28:35","guid":{"rendered":"https:\/\/emisora.univalle.edu.co\/\/?page_id=617"},"modified":"2017-04-12T10:10:09","modified_gmt":"2017-04-12T15:10:09","slug":"que-viva-la-musica","status":"publish","type":"page","link":"https:\/\/emisora.univalle.edu.co\/index.php\/que-viva-la-musica\/","title":{"rendered":"Que Viva la M\u00fasica"},"content":{"rendered":"<p style=\"text-align: justify;\">Primer programa de la radio colombiana que presenta los G\u00e9neros Musicales Bailables del Caribe (Colombia, Cuba, Puerto Rico, Jamaica, Rep\u00fablica Dominicana, Costa Rica, etc,) en grabaciones que no se escuchan con frecuencia, pero que poseen una belleza r\u00edtmica, arm\u00f3nica y mel\u00f3dica, que las convierte en verdaderas joyas musicales.<\/p>\n<p style=\"text-align: justify;\">Ente nuestros objetivos est\u00e1n:<\/p>\n<p style=\"text-align: justify;\"><strong>1.<\/strong> Rescatar la diferenciaci\u00f3n de los G\u00e9neros Musicales Bailables del Caribe.<\/p>\n<p style=\"text-align: justify;\"><strong>2.<\/strong> Cada composici\u00f3n musical se presenta enunciando: T\u00edtulo, G\u00e9nero Musical, Autor y\/o Compositor, Arreglista, Int\u00e9rprete (Orquesta y\/o Cantante), Formato Instrumental, Ciudad y Fecha de grabaci\u00f3n.<\/p>\n<p style=\"text-align: justify;\"><strong>3.<\/strong> Engrandecer el Alma y darle un masaje al Esp\u00edritu.<\/p>\n<p style=\"text-align: justify;\">Que Viva la M\u00fasica, <strong>s\u00e1bados de 16:00 a 18:00 hora Colombia (4:00 &#8211; 6:00 p.m.)<\/strong>, bajo la Direcci\u00f3n de Jos\u00e9 Danilo Alegr\u00eda Olave.<\/p>\n","protected":false},"excerpt":{"rendered":"<p>Primer programa de la radio colombiana que presenta los G\u00e9neros Musicales Bailables del Caribe (Colombia, Cuba, Puerto Rico, Jamaica, Rep\u00fablica Dominicana, Costa Rica, etc,) en grabaciones que no se escuchan con frecuencia, pero que poseen una belleza r\u00edtmica, arm\u00f3nica y mel\u00f3dica, que las convierte en verdaderas joyas musicales. Ente nuestros[&#8230;]<\/p>\n","protected":false},"author":1,"featured_media":18037,"parent":0,"menu_order":0,"comment_status":"closed","ping_status":"open","template":"","meta":{"footnotes":""},"_links":{"self":[{"href":"https:\/\/emisora.univalle.edu.co\/index.php\/wp-json\/wp\/v2\/pages\/617"}],"collection":[{"href":"https:\/\/emisora.univalle.edu.co\/index.php\/wp-json\/wp\/v2\/pages"}],"about":[{"href":"https:\/\/emisora.univalle.edu.co\/index.php\/wp-json\/wp\/v2\/types\/page"}],"author":[{"embeddable":true,"href":"https:\/\/emisora.univalle.edu.co\/index.php\/wp-json\/wp\/v2\/users\/1"}],"replies":[{"embeddable":true,"href":"https:\/\/emisora.univalle.edu.co\/index.php\/wp-json\/wp\/v2\/comments?post=617"}],"version-history":[{"count":5,"href":"https:\/\/emisora.univalle.edu.co\/index.php\/wp-json\/wp\/v2\/pages\/617\/revisions"}],"predecessor-version":[{"id":18038,"href":"https:\/\/emisora.univalle.edu.co\/index.php\/wp-json\/wp\/v2\/pages\/617\/revisions\/18038"}],"wp:featuredmedia":[{"embeddable":true,"href":"https:\/\/emisora.univalle.edu.co\/index.php\/wp-json\/wp\/v2\/media\/18037"}],"wp:attachment":[{"href":"https:\/\/emisora.univalle.edu.co\/index.php\/wp-json\/wp\/v2\/media?parent=617"}],"curies":[{"name":"wp","href":"https:\/\/api.w.org\/{rel}","templated":true}]}}